{"id":9021,"date":"2023-01-12T08:43:09","date_gmt":"2023-01-12T07:43:09","guid":{"rendered":"https:\/\/www.totaldecoralumini.com\/politica-de-privacitat\/"},"modified":"2023-12-19T12:10:52","modified_gmt":"2023-12-19T11:10:52","slug":"politica-de-privacitat","status":"publish","type":"page","link":"https:\/\/www.paezicosta.com\/ca\/politica-de-privacitat\/","title":{"rendered":"Pol\u00edtica de privacitat"},"content":{"rendered":"\t\t<div data-elementor-type=\"wp-page\" data-elementor-id=\"9021\" class=\"elementor elementor-9021 elementor-3\">\n\t\t\t\t\t\t\t\t\t<section class=\"elementor-section elementor-top-section elementor-element elementor-element-2c79ca4 elementor-section-boxed elementor-section-height-default elementor-section-height-default\" data-id=\"2c79ca4\" data-element_type=\"section\">\n\t\t\t\t\t\t<div class=\"elementor-container elementor-column-gap-default\">\n\t\t\t\t\t<div class=\"elementor-column elementor-col-100 elementor-top-column elementor-element elementor-element-e37671b\" data-id=\"e37671b\" data-element_type=\"column\">\n\t\t\t<div class=\"elementor-widget-wrap elementor-element-populated\">\n\t\t\t\t\t\t\t\t<div class=\"elementor-element elementor-element-d0ca668 elementor-widget elementor-widget-hub_fancy_heading\" data-id=\"d0ca668\" data-element_type=\"widget\" data-widget_type=\"hub_fancy_heading.default\">\n\t\t\t\t<div class=\"elementor-widget-container\">\n\t\t\t\n\t\t<div id=\"ld-fancy-heading-69f32d55d1d19\" class=\"ld-fancy-heading pos-rel\">\n\t\t\t<h2 class=\"ld-fh-element d-inline-block pos-rel  elementor-heading-title lqd-highlight-classic lqd-highlight-grow-left h2\"  > RESPONSABLE DEL TRACTAMENT<\/h2>\t\t<\/div>\n\n\t\t\t\t<\/div>\n\t\t\t\t<\/div>\n\t\t\t\t<div class=\"elementor-element elementor-element-887657b elementor-widget elementor-widget-ld_list\" data-id=\"887657b\" data-element_type=\"widget\" data-widget_type=\"ld_list.default\">\n\t\t\t\t<div class=\"elementor-widget-container\">\n\t\t\t\t\t<div class=\"lqd-bullet-list\">\n\n\t\t\t<ul class=\"bullet-list-ul reset-ul\">\n\t\t\t\t\t\t\t\t\t\t<li class=\"d-flex align-items-center\">Identitat: Construccions i Rehabilitacions PAEZ COSTA<\/li>\n\t\t\t\t\t\t\t\t\t\t<li class=\"d-flex align-items-center\">NIF: 77603062G<\/li>\n\t\t\t\t\t\t\t\t\t\t<li class=\"d-flex align-items-center\">Direcci\u00f3 postal: Carrer Tornalls , nau 13, 17500 Ripoll, Girona<\/li>\n\t\t\t\t\t\t\t\t\t\t<li class=\"d-flex align-items-center\">Correu electr\u00f2nic: info@paezicosta.com<\/li>\n\t\t\t\t\t\t\t<\/ul>\n\n\t\t<\/div>\n\n\t\t\t\t<\/div>\n\t\t\t\t<\/div>\n\t\t\t\t<div class=\"elementor-element elementor-element-12b8c26 elementor-widget elementor-widget-hub_fancy_heading\" data-id=\"12b8c26\" data-element_type=\"widget\" data-widget_type=\"hub_fancy_heading.default\">\n\t\t\t\t<div class=\"elementor-widget-container\">\n\t\t\t\n\t\t<div id=\"ld-fancy-heading-69f32d55d2c93\" class=\"ld-fancy-heading pos-rel\">\n\t\t\t<p class=\"ld-fh-element d-inline-block pos-rel  lqd-highlight-classic lqd-highlight-grow-left p\"  > Paez i Costa, com a responsable del Lloc web, de conformitat amb el que disposa el Reglament (UE) 2016\/679 de 27 d\u2019abril de 2016 (RGPD) relatiu a la protecci\u00f3 de les persones f\u00edsiques quant al tractament de dades personals i a la lliure circulaci\u00f3 d\u2019aquestes dades i altra normativa vigent en mat\u00e8ria de protecci\u00f3 de dades personals, i per la Llei 34\/2002, d\u201911 de juliol, de Serveis de la Societat de la Informaci\u00f3 i del Comer\u00e7 Electr\u00f2nic (LSSICE), li informa que t\u00e9 implementades les mesures de seguretat necess\u00e0ries, d\u2019\u00edndole t\u00e8cnica i organitzatives, per garantir i protegir la confidencialitat, integritat i disponibilitat de les dades introdu\u00efdes.<\/p>\t\t<\/div>\n\n\t\t\t\t<\/div>\n\t\t\t\t<\/div>\n\t\t\t\t\t<\/div>\n\t\t<\/div>\n\t\t\t\t\t\t\t<\/div>\n\t\t<\/section>\n\t\t\t\t<section class=\"elementor-section elementor-top-section elementor-element elementor-element-4ee0da8 elementor-section-boxed elementor-section-height-default elementor-section-height-default\" data-id=\"4ee0da8\" data-element_type=\"section\">\n\t\t\t\t\t\t<div class=\"elementor-container elementor-column-gap-default\">\n\t\t\t\t\t<div class=\"elementor-column elementor-col-100 elementor-top-column elementor-element elementor-element-12a5707\" data-id=\"12a5707\" data-element_type=\"column\">\n\t\t\t<div class=\"elementor-widget-wrap elementor-element-populated\">\n\t\t\t\t\t\t\t\t<div class=\"elementor-element elementor-element-04ec299 elementor-widget elementor-widget-hub_fancy_heading\" data-id=\"04ec299\" data-element_type=\"widget\" data-widget_type=\"hub_fancy_heading.default\">\n\t\t\t\t<div class=\"elementor-widget-container\">\n\t\t\t\n\t\t<div id=\"ld-fancy-heading-69f32d55d3cdf\" class=\"ld-fancy-heading pos-rel\">\n\t\t\t<h2 class=\"ld-fh-element d-inline-block pos-rel  elementor-heading-title lqd-highlight-classic lqd-highlight-grow-left h2\"  > FINALITAT DEL TRACTAMENT<\/h2>\t\t<\/div>\n\n\t\t\t\t<\/div>\n\t\t\t\t<\/div>\n\t\t\t\t<div class=\"elementor-element elementor-element-4408185 elementor-widget elementor-widget-hub_fancy_heading\" data-id=\"4408185\" data-element_type=\"widget\" data-widget_type=\"hub_fancy_heading.default\">\n\t\t\t\t<div class=\"elementor-widget-container\">\n\t\t\t\n\t\t<div id=\"ld-fancy-heading-69f32d55d4292\" class=\"ld-fancy-heading pos-rel\">\n\t\t\t<p class=\"ld-fh-element d-inline-block pos-rel  lqd-highlight-classic lqd-highlight-grow-left p\"  >  Les seves dades personals nom\u00e9s s\u2019utilitzaran per a les seg\u00fcents finalitats:<\/p>\t\t<\/div>\n\n\t\t\t\t<\/div>\n\t\t\t\t<\/div>\n\t\t\t\t<div class=\"elementor-element elementor-element-ae12355 elementor-widget elementor-widget-ld_list\" data-id=\"ae12355\" data-element_type=\"widget\" data-widget_type=\"ld_list.default\">\n\t\t\t\t<div class=\"elementor-widget-container\">\n\t\t\t\t\t<div class=\"lqd-bullet-list\">\n\n\t\t\t<ul class=\"bullet-list-ul reset-ul\">\n\t\t\t\t\t\t\t\t\t\t<li class=\"d-flex align-items-center\">Realitzar les gestions comercials i administratives necess\u00e0ries amb els usuaris de la web;<\/li>\n\t\t\t\t\t\t\t\t\t\t<li class=\"d-flex align-items-center\">Respondre a les consultes i\/o proporcionar informacions requerides per l\u2019Usuari;<\/li>\n\t\t\t\t\t\t\t\t\t\t<li class=\"d-flex align-items-center\">Realitzar les prestacions de serveis i\/o productes contractats o subscrits per l\u2019Usuari<\/li>\n\t\t\t\t\t\t\t\t\t\t<li class=\"d-flex align-items-center\">Utilitzar les seves dades per contactar-li, tant per via electr\u00f2nica com no electr\u00f2nica, per obtenir la seva opini\u00f3 sobre el servei prestat i,<\/li>\n\t\t\t\t\t\t\t\t\t\t<li class=\"d-flex align-items-center\">Notificar-li canvis, desenvolupaments importants de la pol\u00edtica de privacitat, av\u00eds legal o pol\u00edtica de cookies.<\/li>\n\t\t\t\t\t\t\t\t\t\t<li class=\"d-flex align-items-center\">Es realitzaran an\u00e0lisi de perfils i de usabilitat.<\/li>\n\t\t\t\t\t\t\t\t\t\t<li class=\"d-flex align-items-center\">Les dades de clients i\/o prove\u00efdors seran tractats, dins de la relaci\u00f3 contractual que els vincula amb el responsable, en compliment de les obligacions administratives, fiscals, comptables i laborables que siguin necess\u00e0ries en virtut de la legislaci\u00f3 vigent.<\/li>\n\t\t\t\t\t\t\t<\/ul>\n\n\t\t<\/div>\n\n\t\t\t\t<\/div>\n\t\t\t\t<\/div>\n\t\t\t\t<div class=\"elementor-element elementor-element-748e8d3 elementor-widget elementor-widget-hub_fancy_heading\" data-id=\"748e8d3\" data-element_type=\"widget\" data-widget_type=\"hub_fancy_heading.default\">\n\t\t\t\t<div class=\"elementor-widget-container\">\n\t\t\t\n\t\t<div id=\"ld-fancy-heading-69f32d55d4cb1\" class=\"ld-fancy-heading pos-rel\">\n\t\t\t<p class=\"ld-fh-element d-inline-block pos-rel  lqd-highlight-classic lqd-highlight-grow-left p\"  > Pot revocar a qualsevol moment el seu consentiment remetent un escrit amb l'assumpte \u201cBaixa\u201d a info@paezicosta.com.<\/p>\t\t<\/div>\n\n\t\t\t\t<\/div>\n\t\t\t\t<\/div>\n\t\t\t\t<div class=\"elementor-element elementor-element-e9a7519 elementor-widget elementor-widget-hub_fancy_heading\" data-id=\"e9a7519\" data-element_type=\"widget\" data-widget_type=\"hub_fancy_heading.default\">\n\t\t\t\t<div class=\"elementor-widget-container\">\n\t\t\t\n\t\t<div id=\"ld-fancy-heading-69f32d55d5251\" class=\"ld-fancy-heading pos-rel\">\n\t\t\t<p class=\"ld-fh-element d-inline-block pos-rel  lqd-highlight-classic lqd-highlight-grow-left p\"  > D\u2019acord amb la LSSICE, Paez i Costa no realitza pr\u00e0ctiques de SPAM, per tant, no envia correus comercials per e-mail que no hagin estat pr\u00e8viament sol\u00b7licitats o autoritzats per l\u2019Usuari. En conseq\u00fc\u00e8ncia, en totes les comunicacions que rebr\u00e0 del prestador, l\u2019usuari t\u00e9 la possibilitat de cancel\u00b7lar el seu consentiment expr\u00e9s per rebre les nostres comunicacions. No tractarem les seves dades personals per a cap altra finalitat de les descrites salvo per obligaci\u00f3 legal o requeriment judicial.<\/p>\t\t<\/div>\n\n\t\t\t\t<\/div>\n\t\t\t\t<\/div>\n\t\t\t\t\t<\/div>\n\t\t<\/div>\n\t\t\t\t\t\t\t<\/div>\n\t\t<\/section>\n\t\t\t\t<section class=\"elementor-section elementor-top-section elementor-element elementor-element-6d234b0 elementor-section-boxed elementor-section-height-default elementor-section-height-default\" data-id=\"6d234b0\" data-element_type=\"section\">\n\t\t\t\t\t\t<div class=\"elementor-container elementor-column-gap-default\">\n\t\t\t\t\t<div class=\"elementor-column elementor-col-100 elementor-top-column elementor-element elementor-element-3a513dd\" data-id=\"3a513dd\" data-element_type=\"column\">\n\t\t\t<div class=\"elementor-widget-wrap elementor-element-populated\">\n\t\t\t\t\t\t\t\t<div class=\"elementor-element elementor-element-53da786 elementor-widget elementor-widget-hub_fancy_heading\" data-id=\"53da786\" data-element_type=\"widget\" data-widget_type=\"hub_fancy_heading.default\">\n\t\t\t\t<div class=\"elementor-widget-container\">\n\t\t\t\n\t\t<div id=\"ld-fancy-heading-69f32d55d6258\" class=\"ld-fancy-heading pos-rel\">\n\t\t\t<h2 class=\"ld-fh-element d-inline-block pos-rel  elementor-heading-title lqd-highlight-classic lqd-highlight-grow-left h2\"  > CONSERVACI\u00d3 DE LES SEVES DADES<\/h2>\t\t<\/div>\n\n\t\t\t\t<\/div>\n\t\t\t\t<\/div>\n\t\t\t\t<div class=\"elementor-element elementor-element-4edc79e elementor-widget elementor-widget-hub_fancy_heading\" data-id=\"4edc79e\" data-element_type=\"widget\" data-widget_type=\"hub_fancy_heading.default\">\n\t\t\t\t<div class=\"elementor-widget-container\">\n\t\t\t\n\t\t<div id=\"ld-fancy-heading-69f32d55d680e\" class=\"ld-fancy-heading pos-rel\">\n\t\t\t<p class=\"ld-fh-element d-inline-block pos-rel  lqd-highlight-classic lqd-highlight-grow-left p\"  >  Les seves dades es conservaran mentre duri la relaci\u00f3 comercial amb nosaltres o exerciti el seu dret de cancel\u00b7laci\u00f3 o oposici\u00f3, o limitaci\u00f3 al tractament. No obstant aix\u00f2, conservarem determinats dades personals identificatives i del tr\u00e0fic durant el termini m\u00e0xim de 2 anys per al cas que fos requerit pels Jutges i Tribunals o per incoar accions internes derivades de l\u2019\u00fas indegut de la p\u00e0gina web.<\/p>\t\t<\/div>\n\n\t\t\t\t<\/div>\n\t\t\t\t<\/div>\n\t\t\t\t<div class=\"elementor-element elementor-element-f52ddc6 elementor-widget elementor-widget-hub_fancy_heading\" data-id=\"f52ddc6\" data-element_type=\"widget\" data-widget_type=\"hub_fancy_heading.default\">\n\t\t\t\t<div class=\"elementor-widget-container\">\n\t\t\t\n\t\t<div id=\"ld-fancy-heading-69f32d55d6d7e\" class=\"ld-fancy-heading pos-rel\">\n\t\t\t<p class=\"ld-fh-element d-inline-block pos-rel  lqd-highlight-classic lqd-highlight-grow-left p\"  > No ser\u00e0 objecte de decisions basades en tractaments automatitzats que produeixin efectes sobre les seves dades.<\/p>\t\t<\/div>\n\n\t\t\t\t<\/div>\n\t\t\t\t<\/div>\n\t\t\t\t\t<\/div>\n\t\t<\/div>\n\t\t\t\t\t\t\t<\/div>\n\t\t<\/section>\n\t\t\t\t<section class=\"elementor-section elementor-top-section elementor-element elementor-element-29ac3c4 elementor-section-boxed elementor-section-height-default elementor-section-height-default\" data-id=\"29ac3c4\" data-element_type=\"section\">\n\t\t\t\t\t\t<div class=\"elementor-container elementor-column-gap-default\">\n\t\t\t\t\t<div class=\"elementor-column elementor-col-100 elementor-top-column elementor-element elementor-element-cf6eb7b\" data-id=\"cf6eb7b\" data-element_type=\"column\">\n\t\t\t<div class=\"elementor-widget-wrap elementor-element-populated\">\n\t\t\t\t\t\t\t\t<div class=\"elementor-element elementor-element-08b23e9 elementor-widget elementor-widget-hub_fancy_heading\" data-id=\"08b23e9\" data-element_type=\"widget\" data-widget_type=\"hub_fancy_heading.default\">\n\t\t\t\t<div class=\"elementor-widget-container\">\n\t\t\t\n\t\t<div id=\"ld-fancy-heading-69f32d55d7bec\" class=\"ld-fancy-heading pos-rel\">\n\t\t\t<h2 class=\"ld-fh-element d-inline-block pos-rel  elementor-heading-title lqd-highlight-classic lqd-highlight-grow-left h2\"  > LEGITIMACI\u00d3 DEL TRACTAMENT<\/h2>\t\t<\/div>\n\n\t\t\t\t<\/div>\n\t\t\t\t<\/div>\n\t\t\t\t<div class=\"elementor-element elementor-element-5c0f3ba elementor-widget elementor-widget-hub_fancy_heading\" data-id=\"5c0f3ba\" data-element_type=\"widget\" data-widget_type=\"hub_fancy_heading.default\">\n\t\t\t\t<div class=\"elementor-widget-container\">\n\t\t\t\n\t\t<div id=\"ld-fancy-heading-69f32d55d8198\" class=\"ld-fancy-heading pos-rel\">\n\t\t\t<p class=\"ld-fh-element d-inline-block pos-rel  lqd-highlight-classic lqd-highlight-grow-left p\"  >  La base legal per al tractament de les dades \u00e9s el seu consentiment atorgat per dur a terme les finalitats anteriorment descrites, que se sol\u00b7licitar\u00e0 al moment de marcat de la casella corresponent a l\u2019hora de recollir les seves dades.<\/p>\t\t<\/div>\n\n\t\t\t\t<\/div>\n\t\t\t\t<\/div>\n\t\t\t\t<div class=\"elementor-element elementor-element-b92edbc elementor-widget elementor-widget-hub_fancy_heading\" data-id=\"b92edbc\" data-element_type=\"widget\" data-widget_type=\"hub_fancy_heading.default\">\n\t\t\t\t<div class=\"elementor-widget-container\">\n\t\t\t\n\t\t<div id=\"ld-fancy-heading-69f32d55d8724\" class=\"ld-fancy-heading pos-rel\">\n\t\t\t<p class=\"ld-fh-element d-inline-block pos-rel  lqd-highlight-classic lqd-highlight-grow-left p\"  > El no facilitar les dades personals sol\u00b7licitades o el no acceptar la present pol\u00edtica de protecci\u00f3 de dades suposa la impossibilitat de subscriure\u2019s, registrar-se o rebre informaci\u00f3 dels productes i serveis del Prestador.<\/p>\t\t<\/div>\n\n\t\t\t\t<\/div>\n\t\t\t\t<\/div>\n\t\t\t\t<div class=\"elementor-element elementor-element-fb9b37a elementor-widget elementor-widget-hub_fancy_heading\" data-id=\"fb9b37a\" data-element_type=\"widget\" data-widget_type=\"hub_fancy_heading.default\">\n\t\t\t\t<div class=\"elementor-widget-container\">\n\t\t\t\n\t\t<div id=\"ld-fancy-heading-69f32d55d8d35\" class=\"ld-fancy-heading pos-rel\">\n\t\t\t<p class=\"ld-fh-element d-inline-block pos-rel  lqd-highlight-classic lqd-highlight-grow-left p\"  > En els casos en qu\u00e8 existeixi una pr\u00e8via relaci\u00f3 contractual entre les parts, la legitimaci\u00f3 per al desenvolupament de les obligacions administratives, fiscals, comptables i laborals que siguin necess\u00e0ries en virtut de la legislaci\u00f3 vigent ser\u00e0 l'exist\u00e8ncia pr\u00e8via de la relaci\u00f3 comercial establerta entre les parts. <\/p>\t\t<\/div>\n\n\t\t\t\t<\/div>\n\t\t\t\t<\/div>\n\t\t\t\t\t<\/div>\n\t\t<\/div>\n\t\t\t\t\t\t\t<\/div>\n\t\t<\/section>\n\t\t\t\t<section class=\"elementor-section elementor-top-section elementor-element elementor-element-9afc823 elementor-section-boxed elementor-section-height-default elementor-section-height-default\" data-id=\"9afc823\" data-element_type=\"section\">\n\t\t\t\t\t\t<div class=\"elementor-container elementor-column-gap-default\">\n\t\t\t\t\t<div class=\"elementor-column elementor-col-100 elementor-top-column elementor-element elementor-element-f91a5a7\" data-id=\"f91a5a7\" data-element_type=\"column\">\n\t\t\t<div class=\"elementor-widget-wrap elementor-element-populated\">\n\t\t\t\t\t\t\t\t<div class=\"elementor-element elementor-element-821d67f elementor-widget elementor-widget-hub_fancy_heading\" data-id=\"821d67f\" data-element_type=\"widget\" data-widget_type=\"hub_fancy_heading.default\">\n\t\t\t\t<div class=\"elementor-widget-container\">\n\t\t\t\n\t\t<div id=\"ld-fancy-heading-69f32d55d9cbc\" class=\"ld-fancy-heading pos-rel\">\n\t\t\t<h2 class=\"ld-fh-element d-inline-block pos-rel  elementor-heading-title lqd-highlight-classic lqd-highlight-grow-left h2\"  > COMUNICACIONS<\/h2>\t\t<\/div>\n\n\t\t\t\t<\/div>\n\t\t\t\t<\/div>\n\t\t\t\t<div class=\"elementor-element elementor-element-5036f68 elementor-widget elementor-widget-hub_fancy_heading\" data-id=\"5036f68\" data-element_type=\"widget\" data-widget_type=\"hub_fancy_heading.default\">\n\t\t\t\t<div class=\"elementor-widget-container\">\n\t\t\t\n\t\t<div id=\"ld-fancy-heading-69f32d55da26c\" class=\"ld-fancy-heading pos-rel\">\n\t\t\t<p class=\"ld-fh-element d-inline-block pos-rel  lqd-highlight-classic lqd-highlight-grow-left p\"  > Qualsevol comunicaci\u00f3 remesa quedar\u00e0 incorporada als sistemes d'informaci\u00f3 de Paez i Costa. En acceptar les presents condicions, termes i pol\u00edtiques, l\u2019Usuari consent expressament al fet que gilsys realitzi les seg\u00fcents activitats i\/o accions, tret que l\u2019Usuari indiqui el contrari:<\/p>\t\t<\/div>\n\n\t\t\t\t<\/div>\n\t\t\t\t<\/div>\n\t\t\t\t<div class=\"elementor-element elementor-element-d47d374 elementor-widget elementor-widget-ld_list\" data-id=\"d47d374\" data-element_type=\"widget\" data-widget_type=\"ld_list.default\">\n\t\t\t\t<div class=\"elementor-widget-container\">\n\t\t\t\t\t<div class=\"lqd-bullet-list\">\n\n\t\t\t<ul class=\"bullet-list-ul reset-ul\">\n\t\t\t\t\t\t\t\t\t\t<li class=\"d-flex align-items-center\">L\u2019enviament de comunicacions comercials i\/o promocionals per qualsevol mitj\u00e0 habilitat informant als Usuaris de les activitats, serveis, promocions, publicitat, not\u00edcies, ofertes i altra informaci\u00f3 sobre els serveis i productes relacionats amb l\u2019activitat.<\/li>\n\t\t\t\t\t\t\t\t\t\t<li class=\"d-flex align-items-center\">La conservaci\u00f3 de les dades durant els terminis previstos en les disposicions aplicables.<\/li>\n\t\t\t\t\t\t\t<\/ul>\n\n\t\t<\/div>\n\n\t\t\t\t<\/div>\n\t\t\t\t<\/div>\n\t\t\t\t\t<\/div>\n\t\t<\/div>\n\t\t\t\t\t\t\t<\/div>\n\t\t<\/section>\n\t\t\t\t<section class=\"elementor-section elementor-top-section elementor-element elementor-element-5a2ae1a elementor-section-boxed elementor-section-height-default elementor-section-height-default\" data-id=\"5a2ae1a\" data-element_type=\"section\">\n\t\t\t\t\t\t<div class=\"elementor-container elementor-column-gap-default\">\n\t\t\t\t\t<div class=\"elementor-column elementor-col-100 elementor-top-column elementor-element elementor-element-fdc8c90\" data-id=\"fdc8c90\" data-element_type=\"column\">\n\t\t\t<div class=\"elementor-widget-wrap elementor-element-populated\">\n\t\t\t\t\t\t\t\t<div class=\"elementor-element elementor-element-d3e53b5 elementor-widget elementor-widget-hub_fancy_heading\" data-id=\"d3e53b5\" data-element_type=\"widget\" data-widget_type=\"hub_fancy_heading.default\">\n\t\t\t\t<div class=\"elementor-widget-container\">\n\t\t\t\n\t\t<div id=\"ld-fancy-heading-69f32d55db506\" class=\"ld-fancy-heading pos-rel\">\n\t\t\t<h2 class=\"ld-fh-element d-inline-block pos-rel  elementor-heading-title lqd-highlight-classic lqd-highlight-grow-left h2\"  > MITJANS OFICIALS DE COMUNICACI\u00d3<\/h2>\t\t<\/div>\n\n\t\t\t\t<\/div>\n\t\t\t\t<\/div>\n\t\t\t\t<div class=\"elementor-element elementor-element-5b7a7cd elementor-widget elementor-widget-hub_fancy_heading\" data-id=\"5b7a7cd\" data-element_type=\"widget\" data-widget_type=\"hub_fancy_heading.default\">\n\t\t\t\t<div class=\"elementor-widget-container\">\n\t\t\t\n\t\t<div id=\"ld-fancy-heading-69f32d55dba5d\" class=\"ld-fancy-heading pos-rel\">\n\t\t\t<p class=\"ld-fh-element d-inline-block pos-rel  lqd-highlight-classic lqd-highlight-grow-left p\"  >  S\u2019informa a l\u2019usuari que els mitjans habilitats per l\u2019empresa per comunicar-se amb clients i altres afectats \u00e9s el tel\u00e8fon corporatiu, els tel\u00e8fons m\u00f2bils d\u2019empresa i el correu electr\u00f2nic corporatiu.<\/p>\t\t<\/div>\n\n\t\t\t\t<\/div>\n\t\t\t\t<\/div>\n\t\t\t\t<div class=\"elementor-element elementor-element-1273ef0 elementor-widget elementor-widget-hub_fancy_heading\" data-id=\"1273ef0\" data-element_type=\"widget\" data-widget_type=\"hub_fancy_heading.default\">\n\t\t\t\t<div class=\"elementor-widget-container\">\n\t\t\t\n\t\t<div id=\"ld-fancy-heading-69f32d55dbf97\" class=\"ld-fancy-heading pos-rel\">\n\t\t\t<p class=\"ld-fh-element d-inline-block pos-rel  lqd-highlight-classic lqd-highlight-grow-left p\"  > Si remet informaci\u00f3 personal a trav\u00e9s d'un mitj\u00e0 de comunicaci\u00f3 diferent dels indicats en aquest apartat, Paez i Costa quedar\u00e0 exempt de responsabilitat en relaci\u00f3 amb les mesures de seguretat disposen que el mitj\u00e0 en q\u00fcesti\u00f3.<\/p>\t\t<\/div>\n\n\t\t\t\t<\/div>\n\t\t\t\t<\/div>\n\t\t\t\t\t<\/div>\n\t\t<\/div>\n\t\t\t\t\t\t\t<\/div>\n\t\t<\/section>\n\t\t\t\t<section class=\"elementor-section elementor-top-section elementor-element elementor-element-87fc6ba elementor-section-boxed elementor-section-height-default elementor-section-height-default\" data-id=\"87fc6ba\" data-element_type=\"section\">\n\t\t\t\t\t\t<div class=\"elementor-container elementor-column-gap-default\">\n\t\t\t\t\t<div class=\"elementor-column elementor-col-100 elementor-top-column elementor-element elementor-element-fefdbfd\" data-id=\"fefdbfd\" data-element_type=\"column\">\n\t\t\t<div class=\"elementor-widget-wrap elementor-element-populated\">\n\t\t\t\t\t\t\t\t<div class=\"elementor-element elementor-element-a4e0efd elementor-widget elementor-widget-hub_fancy_heading\" data-id=\"a4e0efd\" data-element_type=\"widget\" data-widget_type=\"hub_fancy_heading.default\">\n\t\t\t\t<div class=\"elementor-widget-container\">\n\t\t\t\n\t\t<div id=\"ld-fancy-heading-69f32d55dcda3\" class=\"ld-fancy-heading pos-rel\">\n\t\t\t<h2 class=\"ld-fh-element d-inline-block pos-rel  elementor-heading-title lqd-highlight-classic lqd-highlight-grow-left h2\"  > DESTINATARIS DE CESSIONS O TRANSFER\u00c8NCIES<\/h2>\t\t<\/div>\n\n\t\t\t\t<\/div>\n\t\t\t\t<\/div>\n\t\t\t\t<div class=\"elementor-element elementor-element-6c9ef87 elementor-widget elementor-widget-hub_fancy_heading\" data-id=\"6c9ef87\" data-element_type=\"widget\" data-widget_type=\"hub_fancy_heading.default\">\n\t\t\t\t<div class=\"elementor-widget-container\">\n\t\t\t\n\t\t<div id=\"ld-fancy-heading-69f32d55dd33e\" class=\"ld-fancy-heading pos-rel\">\n\t\t\t<p class=\"ld-fh-element d-inline-block pos-rel  lqd-highlight-classic lqd-highlight-grow-left p\"  >  Paez i Costa no duu a terme cap cessi\u00f3 o comunicaci\u00f3 de dades tret que existeixi necessitat raonable per complir amb un procediment judicial, obligaci\u00f3 legal o pr\u00e8via obtenci\u00f3 del consentiment de l\u2019usuari.<\/p>\t\t<\/div>\n\n\t\t\t\t<\/div>\n\t\t\t\t<\/div>\n\t\t\t\t<div class=\"elementor-element elementor-element-fc7fd0f elementor-widget elementor-widget-hub_fancy_heading\" data-id=\"fc7fd0f\" data-element_type=\"widget\" data-widget_type=\"hub_fancy_heading.default\">\n\t\t\t\t<div class=\"elementor-widget-container\">\n\t\t\t\n\t\t<div id=\"ld-fancy-heading-69f32d55dd893\" class=\"ld-fancy-heading pos-rel\">\n\t\t\t<p class=\"ld-fh-element d-inline-block pos-rel  lqd-highlight-classic lqd-highlight-grow-left p\"  > Tampoc es realitzaran transfer\u00e8ncies internacionals de les seves dades de car\u00e0cter personal sense el seu consentiment previ sense perjudici de poder bloquejar o cancel\u00b7lar el seu compte si pot haver-hi indicis de la comissi\u00f3 d\u2019algun delicte per part de l\u2019usuari. La informaci\u00f3 facilitada ser\u00e0 solament la que disposi en aquest moment el prestador.<\/p>\t\t<\/div>\n\n\t\t\t\t<\/div>\n\t\t\t\t<\/div>\n\t\t\t\t<div class=\"elementor-element elementor-element-cb2d805 elementor-widget elementor-widget-hub_fancy_heading\" data-id=\"cb2d805\" data-element_type=\"widget\" data-widget_type=\"hub_fancy_heading.default\">\n\t\t\t\t<div class=\"elementor-widget-container\">\n\t\t\t\n\t\t<div id=\"ld-fancy-heading-69f32d55dde0a\" class=\"ld-fancy-heading pos-rel\">\n\t\t\t<p class=\"ld-fh-element d-inline-block pos-rel  lqd-highlight-classic lqd-highlight-grow-left p\"  > Paez i Costa no cedir\u00e0 les dades recollides a tercers tret que existeixi necessitat raonable per complir amb un procediment judicial, obligaci\u00f3 legal o pr\u00e8via obtenci\u00f3 del consentiment de l\u2019usuari. La informaci\u00f3 que vost\u00e8 ens proporcioni a trav\u00e9s d\u2019aquest lloc web ser\u00e0 allotjada en els servidors administrats per la mateixa empresa. El tractament de les dades d\u2019aquesta entitat es troba regulat mitjan\u00e7ant un contracte d\u2019encarregat del tractament entre el prestador i aquesta empresa. En cap cas aquest encarregat del tractament subcontractar\u00e0 serveis que comportin algun tractament de dades per tercers sense el nostre previ consentiment.<\/p>\t\t<\/div>\n\n\t\t\t\t<\/div>\n\t\t\t\t<\/div>\n\t\t\t\t\t<\/div>\n\t\t<\/div>\n\t\t\t\t\t\t\t<\/div>\n\t\t<\/section>\n\t\t\t\t<section class=\"elementor-section elementor-top-section elementor-element elementor-element-b78a819 elementor-section-boxed elementor-section-height-default elementor-section-height-default\" data-id=\"b78a819\" data-element_type=\"section\">\n\t\t\t\t\t\t<div class=\"elementor-container elementor-column-gap-default\">\n\t\t\t\t\t<div class=\"elementor-column elementor-col-100 elementor-top-column elementor-element elementor-element-f4918de\" data-id=\"f4918de\" data-element_type=\"column\">\n\t\t\t<div class=\"elementor-widget-wrap elementor-element-populated\">\n\t\t\t\t\t\t\t\t<div class=\"elementor-element elementor-element-0cb3281 elementor-widget elementor-widget-hub_fancy_heading\" data-id=\"0cb3281\" data-element_type=\"widget\" data-widget_type=\"hub_fancy_heading.default\">\n\t\t\t\t<div class=\"elementor-widget-container\">\n\t\t\t\n\t\t<div id=\"ld-fancy-heading-69f32d55dece9\" class=\"ld-fancy-heading pos-rel\">\n\t\t\t<h2 class=\"ld-fh-element d-inline-block pos-rel  elementor-heading-title lqd-highlight-classic lqd-highlight-grow-left h2\"  > DRETS DE LES PERSONES INTERESSADES<\/h2>\t\t<\/div>\n\n\t\t\t\t<\/div>\n\t\t\t\t<\/div>\n\t\t\t\t<div class=\"elementor-element elementor-element-492b6c0 elementor-widget elementor-widget-hub_fancy_heading\" data-id=\"492b6c0\" data-element_type=\"widget\" data-widget_type=\"hub_fancy_heading.default\">\n\t\t\t\t<div class=\"elementor-widget-container\">\n\t\t\t\n\t\t<div id=\"ld-fancy-heading-69f32d55df22e\" class=\"ld-fancy-heading pos-rel\">\n\t\t\t<p class=\"ld-fh-element d-inline-block pos-rel  lqd-highlight-classic lqd-highlight-grow-left p\"  >  Com a usuari-interessat, pot sol\u00b7licitar l\u2019exercici dels seg\u00fcents drets davant Paez i Costa un escrit a l\u2019adre\u00e7a postal de l\u2019encap\u00e7alament o enviant un correu electr\u00f2nic a info@paezicosta.com, indicant com a Assumpte: \u201cPROTECCIO DE DADES: DRETS AFECTATS\u201d, i adjuntant fotoc\u00f2pia del seu DNI o qualsevol mitj\u00e0 an\u00e0leg en dret, tal com indica la llei.<\/p>\t\t<\/div>\n\n\t\t\t\t<\/div>\n\t\t\t\t<\/div>\n\t\t\t\t<div class=\"elementor-element elementor-element-5682627 elementor-widget elementor-widget-hub_fancy_heading\" data-id=\"5682627\" data-element_type=\"widget\" data-widget_type=\"hub_fancy_heading.default\">\n\t\t\t\t<div class=\"elementor-widget-container\">\n\t\t\t\n\t\t<div id=\"ld-fancy-heading-69f32d55df784\" class=\"ld-fancy-heading pos-rel\">\n\t\t\t<p class=\"ld-fh-element d-inline-block pos-rel  lqd-highlight-classic lqd-highlight-grow-left p\"  > Drets:<\/p>\t\t<\/div>\n\n\t\t\t\t<\/div>\n\t\t\t\t<\/div>\n\t\t\t\t<div class=\"elementor-element elementor-element-4d4f4cf elementor-widget elementor-widget-ld_list\" data-id=\"4d4f4cf\" data-element_type=\"widget\" data-widget_type=\"ld_list.default\">\n\t\t\t\t<div class=\"elementor-widget-container\">\n\t\t\t\t\t<div class=\"lqd-bullet-list\">\n\n\t\t\t<ul class=\"bullet-list-ul reset-ul\">\n\t\t\t\t\t\t\t\t\t\t<li class=\"d-flex align-items-center\">Dret d\u2019acc\u00e9s: permet a l\u2019interessat con\u00e8ixer i obtenir informaci\u00f3 sobre les seves dades de car\u00e0cter personal sotmesos a tractament.<\/li>\n\t\t\t\t\t\t\t\t\t\t<li class=\"d-flex align-items-center\">Dret de rectificaci\u00f3 o supressi\u00f3: permet corregir errors i modificar les dades que resultin ser inexactes o incomplets.<\/li>\n\t\t\t\t\t\t\t\t\t\t<li class=\"d-flex align-items-center\">Dret de cancel\u00b7laci\u00f3: permet que se suprimeixin les dades que resultin ser inadequats o excessius.<\/li>\n\t\t\t\t\t\t\t\t\t\t<li class=\"d-flex align-items-center\">Dret d\u2019oposici\u00f3: dret de l\u2019interessat al fet que no es dugui a terme el tractament de les seves dades de car\u00e0cter personal o se cessi en el mateix.<\/li>\n\t\t\t\t\t\t\t\t\t\t<li class=\"d-flex align-items-center\">Limitaci\u00f3 del tractament: comporta el marcat de les dades personals conservades, amb la finalitat de limitar el seu futur tractament.<\/li>\n\t\t\t\t\t\t\t\t\t\t<li class=\"d-flex align-items-center\">Portabilitat de les dades: facilitaci\u00f3 de les dades objecto de tractament a l\u2019interessat, a fi que aquest pugui transmetre\u2019ls a un altre responsable, sense impediments.<\/li>\n\t\t\t\t\t\t\t\t\t\t<li class=\"d-flex align-items-center\">Dret a no ser objecte de decisions individuals automatitzades (inclosa l\u2019elaboraci\u00f3 de perfils): dret a no ser objecte d\u2019una decisi\u00f3 basada en el tractament automatitzat que produeixi efectes o afecti significativament.<\/li>\n\t\t\t\t\t\t\t<\/ul>\n\n\t\t<\/div>\n\n\t\t\t\t<\/div>\n\t\t\t\t<\/div>\n\t\t\t\t<div class=\"elementor-element elementor-element-fdd2abe elementor-widget elementor-widget-hub_fancy_heading\" data-id=\"fdd2abe\" data-element_type=\"widget\" data-widget_type=\"hub_fancy_heading.default\">\n\t\t\t\t<div class=\"elementor-widget-container\">\n\t\t\t\n\t\t<div id=\"ld-fancy-heading-69f32d55e0187\" class=\"ld-fancy-heading pos-rel\">\n\t\t\t<p class=\"ld-fh-element d-inline-block pos-rel  lqd-highlight-classic lqd-highlight-grow-left p\"  > Com a usuari, t\u00e9 dret a retirar el consentiment prestat a qualsevol moment. La retirada del consentiment no afectar\u00e0 a la licitud del tractament efectuat abans de la retirada del consentiment.<\/p>\t\t<\/div>\n\n\t\t\t\t<\/div>\n\t\t\t\t<\/div>\n\t\t\t\t<div class=\"elementor-element elementor-element-2caa59e elementor-widget elementor-widget-hub_fancy_heading\" data-id=\"2caa59e\" data-element_type=\"widget\" data-widget_type=\"hub_fancy_heading.default\">\n\t\t\t\t<div class=\"elementor-widget-container\">\n\t\t\t\n\t\t<div id=\"ld-fancy-heading-69f32d55e070e\" class=\"ld-fancy-heading pos-rel\">\n\t\t\t<p class=\"ld-fh-element d-inline-block pos-rel  lqd-highlight-classic lqd-highlight-grow-left p\"  > Tamb\u00e9 t\u00e9 dret a presentar una reclamaci\u00f3 davant l\u2019autoritat de control si considera que poden haver-se vist vulnerats els seus drets en relaci\u00f3 amb la protecci\u00f3 de les seves dades (agpd.es).<\/p>\t\t<\/div>\n\n\t\t\t\t<\/div>\n\t\t\t\t<\/div>\n\t\t\t\t\t<\/div>\n\t\t<\/div>\n\t\t\t\t\t\t\t<\/div>\n\t\t<\/section>\n\t\t\t\t<section class=\"elementor-section elementor-top-section elementor-element elementor-element-df69a6d elementor-section-boxed elementor-section-height-default elementor-section-height-default\" data-id=\"df69a6d\" data-element_type=\"section\">\n\t\t\t\t\t\t<div class=\"elementor-container elementor-column-gap-default\">\n\t\t\t\t\t<div class=\"elementor-column elementor-col-100 elementor-top-column elementor-element elementor-element-f092d27\" data-id=\"f092d27\" data-element_type=\"column\">\n\t\t\t<div class=\"elementor-widget-wrap elementor-element-populated\">\n\t\t\t\t\t\t\t\t<div class=\"elementor-element elementor-element-bff1ea7 elementor-widget elementor-widget-hub_fancy_heading\" data-id=\"bff1ea7\" data-element_type=\"widget\" data-widget_type=\"hub_fancy_heading.default\">\n\t\t\t\t<div class=\"elementor-widget-container\">\n\t\t\t\n\t\t<div id=\"ld-fancy-heading-69f32d55e15b2\" class=\"ld-fancy-heading pos-rel\">\n\t\t\t<h2 class=\"ld-fh-element d-inline-block pos-rel  elementor-heading-title lqd-highlight-classic lqd-highlight-grow-left h2\"  > INFORMACI\u00d3 ADDICIONAL<\/h2>\t\t<\/div>\n\n\t\t\t\t<\/div>\n\t\t\t\t<\/div>\n\t\t\t\t<div class=\"elementor-element elementor-element-2abbeda elementor-widget elementor-widget-hub_fancy_heading\" data-id=\"2abbeda\" data-element_type=\"widget\" data-widget_type=\"hub_fancy_heading.default\">\n\t\t\t\t<div class=\"elementor-widget-container\">\n\t\t\t\n\t\t<div id=\"ld-fancy-heading-69f32d55e1b04\" class=\"ld-fancy-heading pos-rel\">\n\t\t\t<h2 class=\"ld-fh-element d-inline-block pos-rel  elementor-heading-title lqd-highlight-classic lqd-highlight-grow-left h2\"  > INFORMACI\u00d3 QUE OBTENIM:<\/h2>\t\t<\/div>\n\n\t\t\t\t<\/div>\n\t\t\t\t<\/div>\n\t\t\t\t\t<\/div>\n\t\t<\/div>\n\t\t\t\t\t\t\t<\/div>\n\t\t<\/section>\n\t\t\t\t<section class=\"elementor-section elementor-top-section elementor-element elementor-element-5618dbf elementor-section-boxed elementor-section-height-default elementor-section-height-default\" data-id=\"5618dbf\" data-element_type=\"section\">\n\t\t\t\t\t\t<div class=\"elementor-container elementor-column-gap-default\">\n\t\t\t\t\t<div class=\"elementor-column elementor-col-100 elementor-top-column elementor-element elementor-element-fdc2614\" data-id=\"fdc2614\" data-element_type=\"column\">\n\t\t\t<div class=\"elementor-widget-wrap elementor-element-populated\">\n\t\t\t\t\t\t\t\t<div class=\"elementor-element elementor-element-4fffdb2 elementor-widget elementor-widget-hub_fancy_heading\" data-id=\"4fffdb2\" data-element_type=\"widget\" data-widget_type=\"hub_fancy_heading.default\">\n\t\t\t\t<div class=\"elementor-widget-container\">\n\t\t\t\n\t\t<div id=\"ld-fancy-heading-69f32d55e291b\" class=\"ld-fancy-heading pos-rel\">\n\t\t\t<p class=\"ld-fh-element d-inline-block pos-rel  lqd-highlight-classic lqd-highlight-grow-left p\"  >  Les dades recollides per part del responsable s\u00f3n els seg\u00fcents:<\/p>\t\t<\/div>\n\n\t\t\t\t<\/div>\n\t\t\t\t<\/div>\n\t\t\t\t<div class=\"elementor-element elementor-element-468085c elementor-widget elementor-widget-ld_list\" data-id=\"468085c\" data-element_type=\"widget\" data-widget_type=\"ld_list.default\">\n\t\t\t\t<div class=\"elementor-widget-container\">\n\t\t\t\t\t<div class=\"lqd-bullet-list\">\n\n\t\t\t<ul class=\"bullet-list-ul reset-ul\">\n\t\t\t\t\t\t\t\t\t\t<li class=\"d-flex align-items-center\">Aquells que els usuaris subministrin a trav\u00e9s dels diferents serveis oferts a la p\u00e0gina web<\/li>\n\t\t\t\t\t\t\t\t\t\t<li class=\"d-flex align-items-center\">Aquells inclosos en els diferents formularis previstos a la p\u00e0gina web<\/li>\n\t\t\t\t\t\t\t\t\t\t<li class=\"d-flex align-items-center\">Dades recollides a trav\u00e9s de les \u201ccookies\u201d per a la millora de l\u2019experi\u00e8ncia de la navegaci\u00f3 segons s\u2019informa en la pol\u00edtica de cookies.<\/li>\n\t\t\t\t\t\t\t<\/ul>\n\n\t\t<\/div>\n\n\t\t\t\t<\/div>\n\t\t\t\t<\/div>\n\t\t\t\t<div class=\"elementor-element elementor-element-fcfa41d elementor-widget elementor-widget-hub_fancy_heading\" data-id=\"fcfa41d\" data-element_type=\"widget\" data-widget_type=\"hub_fancy_heading.default\">\n\t\t\t\t<div class=\"elementor-widget-container\">\n\t\t\t\n\t\t<div id=\"ld-fancy-heading-69f32d55e3277\" class=\"ld-fancy-heading pos-rel\">\n\t\t\t<p class=\"ld-fh-element d-inline-block pos-rel  lqd-highlight-classic lqd-highlight-grow-left p\"  > La negativa a subministrar les dades obligat\u00f2ries suposar\u00e0 la impossibilitat d\u2019atendre la concreta sol\u00b7licitud que es tracti. Vost\u00e8 manifesta que la informaci\u00f3 i les dades que ens facilita s\u00f3n exactes, actuals i veraces. Li preguem que en cas de modificaci\u00f3, comuniqui immediatament la mateixa a fi que la informaci\u00f3 en tractament estigui a tot moment actualitzada i no contingui errors.<\/p>\t\t<\/div>\n\n\t\t\t\t<\/div>\n\t\t\t\t<\/div>\n\t\t\t\t\t<\/div>\n\t\t<\/div>\n\t\t\t\t\t\t\t<\/div>\n\t\t<\/section>\n\t\t\t\t<section class=\"elementor-section elementor-top-section elementor-element elementor-element-336fccb elementor-section-boxed elementor-section-height-default elementor-section-height-default\" data-id=\"336fccb\" data-element_type=\"section\">\n\t\t\t\t\t\t<div class=\"elementor-container elementor-column-gap-default\">\n\t\t\t\t\t<div class=\"elementor-column elementor-col-100 elementor-top-column elementor-element elementor-element-3b0dd70\" data-id=\"3b0dd70\" data-element_type=\"column\">\n\t\t\t<div class=\"elementor-widget-wrap elementor-element-populated\">\n\t\t\t\t\t\t\t\t<div class=\"elementor-element elementor-element-e57c505 elementor-widget elementor-widget-hub_fancy_heading\" data-id=\"e57c505\" data-element_type=\"widget\" data-widget_type=\"hub_fancy_heading.default\">\n\t\t\t\t<div class=\"elementor-widget-container\">\n\t\t\t\n\t\t<div id=\"ld-fancy-heading-69f32d55e4082\" class=\"ld-fancy-heading pos-rel\">\n\t\t\t<h3 class=\"ld-fh-element d-inline-block pos-rel  elementor-heading-title lqd-highlight-classic lqd-highlight-grow-left h3\"  > XARXES SOCIALS<\/h3>\t\t<\/div>\n\n\t\t\t\t<\/div>\n\t\t\t\t<\/div>\n\t\t\t\t<div class=\"elementor-element elementor-element-34708f3 elementor-widget elementor-widget-hub_fancy_heading\" data-id=\"34708f3\" data-element_type=\"widget\" data-widget_type=\"hub_fancy_heading.default\">\n\t\t\t\t<div class=\"elementor-widget-container\">\n\t\t\t\n\t\t<div id=\"ld-fancy-heading-69f32d55e45c4\" class=\"ld-fancy-heading pos-rel\">\n\t\t\t<p class=\"ld-fh-element d-inline-block pos-rel  lqd-highlight-classic lqd-highlight-grow-left p\"  >  Li informem que Paez i Costa pot tenir pres\u00e8ncia en xarxes socials. El tractament de les dades que es dugui a terme de les persones que es facin seguidores a les xarxes socials (i\/o realitzin qualsevol vincle o acci\u00f3 de connexi\u00f3 a trav\u00e9s de les xarxes socials) de les p\u00e0gines oficials de Paez i Costa es regir\u00e0 per aquest apartat, aix\u00ed com per aquelles condicions d\u2019\u00fas, pol\u00edtiques de privacitat i normatives d\u2019acc\u00e9s que pertanyin a la xarxa social que procedeixi en cada cas i acceptades pr\u00e8viament per l\u2019usuari.<\/p>\t\t<\/div>\n\n\t\t\t\t<\/div>\n\t\t\t\t<\/div>\n\t\t\t\t<div class=\"elementor-element elementor-element-195a21c elementor-widget elementor-widget-hub_fancy_heading\" data-id=\"195a21c\" data-element_type=\"widget\" data-widget_type=\"hub_fancy_heading.default\">\n\t\t\t\t<div class=\"elementor-widget-container\">\n\t\t\t\n\t\t<div id=\"ld-fancy-heading-69f32d55e4b76\" class=\"ld-fancy-heading pos-rel\">\n\t\t\t<p class=\"ld-fh-element d-inline-block pos-rel  lqd-highlight-classic lqd-highlight-grow-left p\"  > Paez i Costa tractar\u00e0 les seves dades amb les finalitats d\u2019administrar correctament la seva pres\u00e8ncia a la xarxa social, informant-li d\u2019activitats, productes o serveis del prestador, aix\u00ed com per a qualsevol altra finalitat que les normatives de les Xarxes Socials permetin. Queda prohibida la publicaci\u00f3 de continguts:<\/p>\t\t<\/div>\n\n\t\t\t\t<\/div>\n\t\t\t\t<\/div>\n\t\t\t\t<div class=\"elementor-element elementor-element-c40ee57 elementor-widget elementor-widget-ld_list\" data-id=\"c40ee57\" data-element_type=\"widget\" data-widget_type=\"ld_list.default\">\n\t\t\t\t<div class=\"elementor-widget-container\">\n\t\t\t\t\t<div class=\"lqd-bullet-list\">\n\n\t\t\t<ul class=\"bullet-list-ul reset-ul\">\n\t\t\t\t\t\t\t\t\t\t<li class=\"d-flex align-items-center\">Que siguin presumptament il\u00b7l\u00edcits per la normativa nacional, comunit\u00e0ria o internacional o que realitzin activitats presumptament il\u00b7l\u00edcites o contravinguin els principis de la bona fe.<\/li>\n\t\t\t\t\t\t\t\t\t\t<li class=\"d-flex align-items-center\">Que atemptin contra els drets fonamentals de les persones, faltin a la cortesia a la xarxa, molestin o puguin generar opinions negatives en els nostres usuaris o tercers i en general qualssevol siguin els continguts que Paez i Costa consideri inadequats.<\/li>\n\t\t\t\t\t\t\t\t\t\t<li class=\"d-flex align-items-center\">I en general que contravinguin els principis de legalitat, honradesa, responsabilitat, protecci\u00f3 de la dignitat humana, protecci\u00f3 de menors, protecci\u00f3 de l\u2019ordre p\u00fablic, la protecci\u00f3 de la vida privada, la protecci\u00f3 del consumidor i els drets de propietat intel\u00b7lectual i industrial.<\/li>\n\t\t\t\t\t\t\t<\/ul>\n\n\t\t<\/div>\n\n\t\t\t\t<\/div>\n\t\t\t\t<\/div>\n\t\t\t\t<div class=\"elementor-element elementor-element-6b6e163 elementor-widget elementor-widget-hub_fancy_heading\" data-id=\"6b6e163\" data-element_type=\"widget\" data-widget_type=\"hub_fancy_heading.default\">\n\t\t\t\t<div class=\"elementor-widget-container\">\n\t\t\t\n\t\t<div id=\"ld-fancy-heading-69f32d55e55cd\" class=\"ld-fancy-heading pos-rel\">\n\t\t\t<p class=\"ld-fh-element d-inline-block pos-rel  lqd-highlight-classic lqd-highlight-grow-left p\"  > Aix\u00ed mateix, Paez i Costa es reserva la potestat de retirar, sense previ av\u00eds del lloc web o de la xarxa social corporativa aquells continguts que es considerin inadequats.<\/p>\t\t<\/div>\n\n\t\t\t\t<\/div>\n\t\t\t\t<\/div>\n\t\t\t\t<div class=\"elementor-element elementor-element-ccbeafd elementor-widget elementor-widget-hub_fancy_heading\" data-id=\"ccbeafd\" data-element_type=\"widget\" data-widget_type=\"hub_fancy_heading.default\">\n\t\t\t\t<div class=\"elementor-widget-container\">\n\t\t\t\n\t\t<div id=\"ld-fancy-heading-69f32d55e5b9b\" class=\"ld-fancy-heading pos-rel\">\n\t\t\t<p class=\"ld-fh-element d-inline-block pos-rel  lqd-highlight-classic lqd-highlight-grow-left p\"  > Les comunicacions remeses a trav\u00e9s de les xarxes socials seran incorporades a un arxiu propietat de Paez i Costa, podent-li enviar informaci\u00f3 del seu inter\u00e8s.<\/p>\t\t<\/div>\n\n\t\t\t\t<\/div>\n\t\t\t\t<\/div>\n\t\t\t\t<div class=\"elementor-element elementor-element-f5bcc63 elementor-widget elementor-widget-hub_fancy_heading\" data-id=\"f5bcc63\" data-element_type=\"widget\" data-widget_type=\"hub_fancy_heading.default\">\n\t\t\t\t<div class=\"elementor-widget-container\">\n\t\t\t\n\t\t<div id=\"ld-fancy-heading-69f32d55e616a\" class=\"ld-fancy-heading pos-rel\">\n\t\t\t<p class=\"ld-fh-element d-inline-block pos-rel  lqd-highlight-classic lqd-highlight-grow-left p\"  > En tot cas, si vost\u00e8 remet informaci\u00f3 personal a trav\u00e9s de la xarxa social, Paez i Costa quedar\u00e0 exempt de responsabilitat en relaci\u00f3 amb les mesures de seguretat aplicables a la present plataforma, havent de l'usuari en cas de voler con\u00e8ixer-les, consultar les corresponents condicions particulars de la xarxa en q\u00fcesti\u00f3.<\/p>\t\t<\/div>\n\n\t\t\t\t<\/div>\n\t\t\t\t<\/div>\n\t\t\t\t\t<\/div>\n\t\t<\/div>\n\t\t\t\t\t\t\t<\/div>\n\t\t<\/section>\n\t\t\t\t<section class=\"elementor-section elementor-top-section elementor-element elementor-element-b1b7648 elementor-section-boxed elementor-section-height-default elementor-section-height-default\" data-id=\"b1b7648\" data-element_type=\"section\">\n\t\t\t\t\t\t<div class=\"elementor-container elementor-column-gap-default\">\n\t\t\t\t\t<div class=\"elementor-column elementor-col-100 elementor-top-column elementor-element elementor-element-7ccafbd\" data-id=\"7ccafbd\" data-element_type=\"column\">\n\t\t\t<div class=\"elementor-widget-wrap elementor-element-populated\">\n\t\t\t\t\t\t\t\t<div class=\"elementor-element elementor-element-890ea3f elementor-widget elementor-widget-hub_fancy_heading\" data-id=\"890ea3f\" data-element_type=\"widget\" data-widget_type=\"hub_fancy_heading.default\">\n\t\t\t\t<div class=\"elementor-widget-container\">\n\t\t\t\n\t\t<div id=\"ld-fancy-heading-69f32d55e71bf\" class=\"ld-fancy-heading pos-rel\">\n\t\t\t<h3 class=\"ld-fh-element d-inline-block pos-rel  elementor-heading-title lqd-highlight-classic lqd-highlight-grow-left h3\"  > MESURES DE SEGURETAT:<\/h3>\t\t<\/div>\n\n\t\t\t\t<\/div>\n\t\t\t\t<\/div>\n\t\t\t\t<div class=\"elementor-element elementor-element-fdb9d74 elementor-widget elementor-widget-hub_fancy_heading\" data-id=\"fdb9d74\" data-element_type=\"widget\" data-widget_type=\"hub_fancy_heading.default\">\n\t\t\t\t<div class=\"elementor-widget-container\">\n\t\t\t\n\t\t<div id=\"ld-fancy-heading-69f32d55e7748\" class=\"ld-fancy-heading pos-rel\">\n\t\t\t<p class=\"ld-fh-element d-inline-block pos-rel  lqd-highlight-classic lqd-highlight-grow-left p\"  >  Les dades que ens faciliti es tractaran de forma confidencial. El Prestador ha adoptat totes les mesures t\u00e8cniques i organitzatives i tots els nivells de protecci\u00f3 necessaris per garantir la seguretat en el tractament de les dades i evitar la seva alteraci\u00f3, p\u00e8rdua, robatori, tractament o acc\u00e9s no autoritzat, d\u2019acord l\u2019estat de la tecnologia i naturalesa de les dades emmagatzemades. Aix\u00ed mateix, es garanteix tamb\u00e9 que el tractament i registre en fitxers, programes, sistemes o equips, locals i centres compleixen amb els requisits i condicions d\u2019integritat i seguretat establertes en la normativa vigent.<\/p>\t\t<\/div>\n\n\t\t\t\t<\/div>\n\t\t\t\t<\/div>\n\t\t\t\t\t<\/div>\n\t\t<\/div>\n\t\t\t\t\t\t\t<\/div>\n\t\t<\/section>\n\t\t\t\t<section class=\"elementor-section elementor-top-section elementor-element elementor-element-484cdee elementor-section-boxed elementor-section-height-default elementor-section-height-default\" data-id=\"484cdee\" data-element_type=\"section\">\n\t\t\t\t\t\t<div class=\"elementor-container elementor-column-gap-default\">\n\t\t\t\t\t<div class=\"elementor-column elementor-col-100 elementor-top-column elementor-element elementor-element-5d041ba\" data-id=\"5d041ba\" data-element_type=\"column\">\n\t\t\t<div class=\"elementor-widget-wrap elementor-element-populated\">\n\t\t\t\t\t\t\t\t<div class=\"elementor-element elementor-element-67701dc elementor-widget elementor-widget-hub_fancy_heading\" data-id=\"67701dc\" data-element_type=\"widget\" data-widget_type=\"hub_fancy_heading.default\">\n\t\t\t\t<div class=\"elementor-widget-container\">\n\t\t\t\n\t\t<div id=\"ld-fancy-heading-69f32d55e861d\" class=\"ld-fancy-heading pos-rel\">\n\t\t\t<h3 class=\"ld-fh-element d-inline-block pos-rel  elementor-heading-title lqd-highlight-classic lqd-highlight-grow-left h3\"  > IDIOMA<\/h3>\t\t<\/div>\n\n\t\t\t\t<\/div>\n\t\t\t\t<\/div>\n\t\t\t\t<div class=\"elementor-element elementor-element-37aa35e elementor-widget elementor-widget-hub_fancy_heading\" data-id=\"37aa35e\" data-element_type=\"widget\" data-widget_type=\"hub_fancy_heading.default\">\n\t\t\t\t<div class=\"elementor-widget-container\">\n\t\t\t\n\t\t<div id=\"ld-fancy-heading-69f32d55e8ba2\" class=\"ld-fancy-heading pos-rel\">\n\t\t\t<p class=\"ld-fh-element d-inline-block pos-rel  lqd-highlight-classic lqd-highlight-grow-left p\"  >  IDIOMA L\u2019idioma aplicable a aquesta Pol\u00edtica de Privacitat \u00e9s catal\u00e0. Per tant, en cas que hi hagu\u00e9s alguna contradicci\u00f3 en alguna de les versions facilitades en altres idiomes, prevaldr\u00e0 la versi\u00f3 en catal\u00e0.<\/p>\t\t<\/div>\n\n\t\t\t\t<\/div>\n\t\t\t\t<\/div>\n\t\t\t\t\t<\/div>\n\t\t<\/div>\n\t\t\t\t\t\t\t<\/div>\n\t\t<\/section>\n\t\t\t\t<section class=\"elementor-section elementor-top-section elementor-element elementor-element-234793a elementor-section-boxed elementor-section-height-default elementor-section-height-default\" data-id=\"234793a\" data-element_type=\"section\">\n\t\t\t\t\t\t<div class=\"elementor-container elementor-column-gap-default\">\n\t\t\t\t\t<div class=\"elementor-column elementor-col-100 elementor-top-column elementor-element elementor-element-b7f1cd8\" data-id=\"b7f1cd8\" data-element_type=\"column\">\n\t\t\t<div class=\"elementor-widget-wrap elementor-element-populated\">\n\t\t\t\t\t\t\t\t<div class=\"elementor-element elementor-element-70e0f19 elementor-widget elementor-widget-hub_fancy_heading\" data-id=\"70e0f19\" data-element_type=\"widget\" data-widget_type=\"hub_fancy_heading.default\">\n\t\t\t\t<div class=\"elementor-widget-container\">\n\t\t\t\n\t\t<div id=\"ld-fancy-heading-69f32d55e9a44\" class=\"ld-fancy-heading pos-rel\">\n\t\t\t<h2 class=\"ld-fh-element d-inline-block pos-rel  elementor-heading-title lqd-highlight-classic lqd-highlight-grow-left h2\"  > CANVIS EN LA POL\u00cdTICA DE PRIVACITAT<\/h2>\t\t<\/div>\n\n\t\t\t\t<\/div>\n\t\t\t\t<\/div>\n\t\t\t\t<div class=\"elementor-element elementor-element-382c6e8 elementor-widget elementor-widget-hub_fancy_heading\" data-id=\"382c6e8\" data-element_type=\"widget\" data-widget_type=\"hub_fancy_heading.default\">\n\t\t\t\t<div class=\"elementor-widget-container\">\n\t\t\t\n\t\t<div id=\"ld-fancy-heading-69f32d55e9fee\" class=\"ld-fancy-heading pos-rel\">\n\t\t\t<p class=\"ld-fh-element d-inline-block pos-rel  lqd-highlight-classic lqd-highlight-grow-left p\"  >  Paez i Costa es reserva el dret a modificar la present pol\u00edtica per adaptar-la a novetats legislatives o jurisprudencials.<\/p>\t\t<\/div>\n\n\t\t\t\t<\/div>\n\t\t\t\t<\/div>\n\t\t\t\t\t<\/div>\n\t\t<\/div>\n\t\t\t\t\t\t\t<\/div>\n\t\t<\/section>\n\t\t\t\t<section class=\"elementor-section elementor-top-section elementor-element elementor-element-9d621f1 elementor-section-boxed elementor-section-height-default elementor-section-height-default\" data-id=\"9d621f1\" data-element_type=\"section\">\n\t\t\t\t\t\t<div class=\"elementor-container elementor-column-gap-default\">\n\t\t\t\t\t<div class=\"elementor-column elementor-col-100 elementor-top-column elementor-element elementor-element-e3ac3db\" data-id=\"e3ac3db\" data-element_type=\"column\">\n\t\t\t<div class=\"elementor-widget-wrap elementor-element-populated\">\n\t\t\t\t\t\t\t\t<div class=\"elementor-element elementor-element-be3cfaf elementor-widget elementor-widget-hub_fancy_heading\" data-id=\"be3cfaf\" data-element_type=\"widget\" data-widget_type=\"hub_fancy_heading.default\">\n\t\t\t\t<div class=\"elementor-widget-container\">\n\t\t\t\n\t\t<div id=\"ld-fancy-heading-69f32d55eae73\" class=\"ld-fancy-heading pos-rel\">\n\t\t\t<h3 class=\"ld-fh-element d-inline-block pos-rel  elementor-heading-title lqd-highlight-classic lqd-highlight-grow-left h3\"  > LEGISLACI\u00d3<\/h3>\t\t<\/div>\n\n\t\t\t\t<\/div>\n\t\t\t\t<\/div>\n\t\t\t\t<div class=\"elementor-element elementor-element-ff1f30e elementor-widget elementor-widget-hub_fancy_heading\" data-id=\"ff1f30e\" data-element_type=\"widget\" data-widget_type=\"hub_fancy_heading.default\">\n\t\t\t\t<div class=\"elementor-widget-container\">\n\t\t\t\n\t\t<div id=\"ld-fancy-heading-69f32d55eb463\" class=\"ld-fancy-heading pos-rel\">\n\t\t\t<p class=\"ld-fh-element d-inline-block pos-rel  lqd-highlight-classic lqd-highlight-grow-left p\"  >  Amb car\u00e0cter general les relacions entre gilsys amb els Usuaris dels seus serveis telem\u00e0tics, presents en aquesta Web, estan sotmesos a la legislaci\u00f3 i jurisdicci\u00f3 espanyola a la qual se sotmeten expressament les parts, essent competents per la resoluci\u00f3 de tots els conflictes derivats o relacionats amb el seu \u00fas els Jutjats i Tribunals de Barcelona.<\/p>\t\t<\/div>\n\n\t\t\t\t<\/div>\n\t\t\t\t<\/div>\n\t\t\t\t\t<\/div>\n\t\t<\/div>\n\t\t\t\t\t\t\t<\/div>\n\t\t<\/section>\n\t\t\t\t\t\t\t<\/div>\n\t\t","protected":false},"excerpt":{"rendered":"<p>RESPONSABLE DEL TRACTAMENT Identitat: Construccions i Rehabilitacions PAEZ COSTA NIF: 77603062G Direcci\u00f3 postal: Carrer Tornalls , nau 13, 17500 Ripoll, Girona Correu electr\u00f2nic: info@paezicosta.com Paez i Costa, com a responsable del Lloc web, de conformitat amb el que disposa el Reglament (UE) 2016\/679 de 27 d\u2019abril de 2016 (RGPD) relatiu a la protecci\u00f3 de les [&hellip;]<\/p>\n","protected":false},"author":1,"featured_media":0,"parent":0,"menu_order":0,"comment_status":"closed","ping_status":"closed","template":"","meta":{"footnotes":""},"class_list":["post-9021","page","type-page","status-publish","hentry"],"yoast_head":"<!-- This site is optimized with the Yoast SEO plugin v20.2 - https:\/\/yoast.com\/wordpress\/plugins\/seo\/ -->\n<title>Pol\u00edtica de privacitat - Paez i Costa<\/title>\n<meta name=\"robots\" content=\"index, follow, max-snippet:-1, max-image-preview:large, max-video-preview:-1\" \/>\n<link rel=\"canonical\" href=\"https:\/\/www.paezicosta.com\/ca\/politica-de-privacitat\/\" \/>\n<meta property=\"og:locale\" content=\"ca_ES\" \/>\n<meta property=\"og:type\" content=\"article\" \/>\n<meta property=\"og:title\" content=\"Pol\u00edtica de privacitat - Paez i Costa\" \/>\n<meta property=\"og:description\" content=\"RESPONSABLE DEL TRACTAMENT Identitat: Construccions i Rehabilitacions PAEZ COSTA NIF: 77603062G Direcci\u00f3 postal: Carrer Tornalls , nau 13, 17500 Ripoll, Girona Correu electr\u00f2nic: info@paezicosta.com Paez i Costa, com a responsable del Lloc web, de conformitat amb el que disposa el Reglament (UE) 2016\/679 de 27 d\u2019abril de 2016 (RGPD) relatiu a la protecci\u00f3 de les [&hellip;]\" \/>\n<meta property=\"og:url\" content=\"https:\/\/www.paezicosta.com\/ca\/politica-de-privacitat\/\" \/>\n<meta property=\"og:site_name\" content=\"Paez i Costa\" \/>\n<meta property=\"article:modified_time\" content=\"2023-12-19T11:10:52+00:00\" \/>\n<meta name=\"twitter:card\" content=\"summary_large_image\" \/>\n<meta name=\"twitter:label1\" content=\"Temps estimat de lectura\" \/>\n\t<meta name=\"twitter:data1\" content=\"11 minuts\" \/>\n<script type=\"application\/ld+json\" class=\"yoast-schema-graph\">{\"@context\":\"https:\/\/schema.org\",\"@graph\":[{\"@type\":\"WebPage\",\"@id\":\"https:\/\/www.paezicosta.com\/ca\/politica-de-privacitat\/\",\"url\":\"https:\/\/www.paezicosta.com\/ca\/politica-de-privacitat\/\",\"name\":\"Pol\u00edtica de privacitat - Paez i Costa\",\"isPartOf\":{\"@id\":\"https:\/\/www.paezicosta.com\/ca\/#website\"},\"datePublished\":\"2023-01-12T07:43:09+00:00\",\"dateModified\":\"2023-12-19T11:10:52+00:00\",\"breadcrumb\":{\"@id\":\"https:\/\/www.paezicosta.com\/ca\/politica-de-privacitat\/#breadcrumb\"},\"inLanguage\":\"ca\",\"potentialAction\":[{\"@type\":\"ReadAction\",\"target\":[\"https:\/\/www.paezicosta.com\/ca\/politica-de-privacitat\/\"]}]},{\"@type\":\"BreadcrumbList\",\"@id\":\"https:\/\/www.paezicosta.com\/ca\/politica-de-privacitat\/#breadcrumb\",\"itemListElement\":[{\"@type\":\"ListItem\",\"position\":1,\"name\":\"Home\",\"item\":\"https:\/\/www.paezicosta.com\/ca\/construccions-i-rehabilitacions-paez-i-costa-2\/\"},{\"@type\":\"ListItem\",\"position\":2,\"name\":\"Pol\u00edtica de privacitat\"}]},{\"@type\":\"WebSite\",\"@id\":\"https:\/\/www.paezicosta.com\/ca\/#website\",\"url\":\"https:\/\/www.paezicosta.com\/ca\/\",\"name\":\"Paez i Costa\",\"description\":\"Construcci\u00f3n y reformas\",\"publisher\":{\"@id\":\"https:\/\/www.paezicosta.com\/ca\/#organization\"},\"potentialAction\":[{\"@type\":\"SearchAction\",\"target\":{\"@type\":\"EntryPoint\",\"urlTemplate\":\"https:\/\/www.paezicosta.com\/ca\/?s={search_term_string}\"},\"query-input\":\"required name=search_term_string\"}],\"inLanguage\":\"ca\"},{\"@type\":\"Organization\",\"@id\":\"https:\/\/www.paezicosta.com\/ca\/#organization\",\"name\":\"Paez i Costa\",\"url\":\"https:\/\/www.paezicosta.com\/ca\/\",\"logo\":{\"@type\":\"ImageObject\",\"inLanguage\":\"ca\",\"@id\":\"https:\/\/www.paezicosta.com\/ca\/#\/schema\/logo\/image\/\",\"url\":\"https:\/\/www.paezicosta.com\/wp-content\/uploads\/2022\/02\/paez-logo_1x.png\",\"contentUrl\":\"https:\/\/www.paezicosta.com\/wp-content\/uploads\/2022\/02\/paez-logo_1x.png\",\"width\":512,\"height\":512,\"caption\":\"Paez i Costa\"},\"image\":{\"@id\":\"https:\/\/www.paezicosta.com\/ca\/#\/schema\/logo\/image\/\"}}]}<\/script>\n<!-- \/ Yoast SEO plugin. -->","yoast_head_json":{"title":"Pol\u00edtica de privacitat - Paez i Costa","robots":{"index":"index","follow":"follow","max-snippet":"max-snippet:-1","max-image-preview":"max-image-preview:large","max-video-preview":"max-video-preview:-1"},"canonical":"https:\/\/www.paezicosta.com\/ca\/politica-de-privacitat\/","og_locale":"ca_ES","og_type":"article","og_title":"Pol\u00edtica de privacitat - Paez i Costa","og_description":"RESPONSABLE DEL TRACTAMENT Identitat: Construccions i Rehabilitacions PAEZ COSTA NIF: 77603062G Direcci\u00f3 postal: Carrer Tornalls , nau 13, 17500 Ripoll, Girona Correu electr\u00f2nic: info@paezicosta.com Paez i Costa, com a responsable del Lloc web, de conformitat amb el que disposa el Reglament (UE) 2016\/679 de 27 d\u2019abril de 2016 (RGPD) relatiu a la protecci\u00f3 de les [&hellip;]","og_url":"https:\/\/www.paezicosta.com\/ca\/politica-de-privacitat\/","og_site_name":"Paez i Costa","article_modified_time":"2023-12-19T11:10:52+00:00","twitter_card":"summary_large_image","twitter_misc":{"Temps estimat de lectura":"11 minuts"},"schema":{"@context":"https:\/\/schema.org","@graph":[{"@type":"WebPage","@id":"https:\/\/www.paezicosta.com\/ca\/politica-de-privacitat\/","url":"https:\/\/www.paezicosta.com\/ca\/politica-de-privacitat\/","name":"Pol\u00edtica de privacitat - Paez i Costa","isPartOf":{"@id":"https:\/\/www.paezicosta.com\/ca\/#website"},"datePublished":"2023-01-12T07:43:09+00:00","dateModified":"2023-12-19T11:10:52+00:00","breadcrumb":{"@id":"https:\/\/www.paezicosta.com\/ca\/politica-de-privacitat\/#breadcrumb"},"inLanguage":"ca","potentialAction":[{"@type":"ReadAction","target":["https:\/\/www.paezicosta.com\/ca\/politica-de-privacitat\/"]}]},{"@type":"BreadcrumbList","@id":"https:\/\/www.paezicosta.com\/ca\/politica-de-privacitat\/#breadcrumb","itemListElement":[{"@type":"ListItem","position":1,"name":"Home","item":"https:\/\/www.paezicosta.com\/ca\/construccions-i-rehabilitacions-paez-i-costa-2\/"},{"@type":"ListItem","position":2,"name":"Pol\u00edtica de privacitat"}]},{"@type":"WebSite","@id":"https:\/\/www.paezicosta.com\/ca\/#website","url":"https:\/\/www.paezicosta.com\/ca\/","name":"Paez i Costa","description":"Construcci\u00f3n y reformas","publisher":{"@id":"https:\/\/www.paezicosta.com\/ca\/#organization"},"potentialAction":[{"@type":"SearchAction","target":{"@type":"EntryPoint","urlTemplate":"https:\/\/www.paezicosta.com\/ca\/?s={search_term_string}"},"query-input":"required name=search_term_string"}],"inLanguage":"ca"},{"@type":"Organization","@id":"https:\/\/www.paezicosta.com\/ca\/#organization","name":"Paez i Costa","url":"https:\/\/www.paezicosta.com\/ca\/","logo":{"@type":"ImageObject","inLanguage":"ca","@id":"https:\/\/www.paezicosta.com\/ca\/#\/schema\/logo\/image\/","url":"https:\/\/www.paezicosta.com\/wp-content\/uploads\/2022\/02\/paez-logo_1x.png","contentUrl":"https:\/\/www.paezicosta.com\/wp-content\/uploads\/2022\/02\/paez-logo_1x.png","width":512,"height":512,"caption":"Paez i Costa"},"image":{"@id":"https:\/\/www.paezicosta.com\/ca\/#\/schema\/logo\/image\/"}}]}},"_links":{"self":[{"href":"https:\/\/www.paezicosta.com\/ca\/wp-json\/wp\/v2\/pages\/9021","targetHints":{"allow":["GET"]}}],"collection":[{"href":"https:\/\/www.paezicosta.com\/ca\/wp-json\/wp\/v2\/pages"}],"about":[{"href":"https:\/\/www.paezicosta.com\/ca\/wp-json\/wp\/v2\/types\/page"}],"author":[{"embeddable":true,"href":"https:\/\/www.paezicosta.com\/ca\/wp-json\/wp\/v2\/users\/1"}],"replies":[{"embeddable":true,"href":"https:\/\/www.paezicosta.com\/ca\/wp-json\/wp\/v2\/comments?post=9021"}],"version-history":[{"count":19,"href":"https:\/\/www.paezicosta.com\/ca\/wp-json\/wp\/v2\/pages\/9021\/revisions"}],"predecessor-version":[{"id":13029,"href":"https:\/\/www.paezicosta.com\/ca\/wp-json\/wp\/v2\/pages\/9021\/revisions\/13029"}],"wp:attachment":[{"href":"https:\/\/www.paezicosta.com\/ca\/wp-json\/wp\/v2\/media?parent=9021"}],"curies":[{"name":"wp","href":"https:\/\/api.w.org\/{rel}","templated":true}]}}